{"id":8565,"date":"2025-02-28T11:59:22","date_gmt":"2025-02-28T09:59:22","guid":{"rendered":"https:\/\/ruralproofing.redr.es\/?page_id=8565"},"modified":"2025-06-12T13:39:38","modified_gmt":"2025-06-12T11:39:38","slug":"ponte-las-lentes-rurales","status":"publish","type":"page","link":"https:\/\/ruralproofing.redr.es\/index.php\/ponte-las-lentes-rurales\/","title":{"rendered":"Campa\u00f1a &#8216;Ponte las lentes rurales&#8217;"},"content":{"rendered":"\t\t<div data-elementor-type=\"wp-page\" data-elementor-id=\"8565\" class=\"elementor elementor-8565\">\n\t\t\t\t<div class=\"elementor-element elementor-element-508a029 e-flex e-con-boxed e-con e-parent\" data-id=\"508a029\" data-element_type=\"container\" data-e-type=\"container\">\n\t\t\t\t\t<div class=\"e-con-inner\">\n\t\t\t\t<div class=\"elementor-element elementor-element-4881198 elementor-widget elementor-widget-video\" data-id=\"4881198\" data-element_type=\"widget\" data-e-type=\"widget\" data-settings=\"{&quot;youtube_url&quot;:&quot;https:\\\/\\\/youtu.be\\\/LNbDNGT9u0c?si=BnNCbBbkVOKzyuef&quot;,&quot;video_type&quot;:&quot;youtube&quot;,&quot;controls&quot;:&quot;yes&quot;}\" data-widget_type=\"video.default\">\n\t\t\t\t<div class=\"elementor-widget-container\">\n\t\t\t\t\t\t\t<div class=\"elementor-wrapper elementor-open-inline\">\n\t\t\t<div class=\"elementor-video\"><\/div>\t\t<\/div>\n\t\t\t\t\t\t<\/div>\n\t\t\t\t<\/div>\n\t\t\t\t\t<\/div>\n\t\t\t\t<\/div>\n\t\t<div class=\"elementor-element elementor-element-4ecd0c3 e-flex e-con-boxed e-con e-parent\" data-id=\"4ecd0c3\" data-element_type=\"container\" data-e-type=\"container\" data-settings=\"{&quot;background_background&quot;:&quot;gradient&quot;}\">\n\t\t\t\t\t<div class=\"e-con-inner\">\n\t\t\t\t<div class=\"elementor-element elementor-element-d99ad15 elementor-widget-divider--view-line elementor-widget elementor-widget-divider\" data-id=\"d99ad15\" data-element_type=\"widget\" data-e-type=\"widget\" data-widget_type=\"divider.default\">\n\t\t\t\t<div class=\"elementor-widget-container\">\n\t\t\t\t\t\t\t<div class=\"elementor-divider\">\n\t\t\t<span class=\"elementor-divider-separator\">\n\t\t\t\t\t\t<\/span>\n\t\t<\/div>\n\t\t\t\t\t\t<\/div>\n\t\t\t\t<\/div>\n\t\t\t\t\t<\/div>\n\t\t\t\t<\/div>\n\t\t<div class=\"elementor-element elementor-element-3a06a83 e-flex e-con-boxed e-con e-parent\" data-id=\"3a06a83\" data-element_type=\"container\" data-e-type=\"container\">\n\t\t\t\t\t<div class=\"e-con-inner\">\n\t\t\t\t\t<\/div>\n\t\t\t\t<\/div>\n\t\t\t\t<section class=\"elementor-section elementor-top-section elementor-element elementor-element-5e80a1e elementor-section-full_width qodef-elementor-content-grid elementor-section-height-default elementor-section-height-default\" data-id=\"5e80a1e\" data-element_type=\"section\" data-e-type=\"section\">\n\t\t\t\t\t\t<div class=\"elementor-container elementor-column-gap-default\">\n\t\t\t\t\t<div class=\"elementor-column elementor-col-33 elementor-top-column elementor-element elementor-element-af94610\" data-id=\"af94610\" data-element_type=\"column\" data-e-type=\"column\">\n\t\t\t<div class=\"elementor-widget-wrap elementor-element-populated\">\n\t\t\t\t\t\t<div class=\"elementor-element elementor-element-c7d705e elementor-widget elementor-widget-coachfocus_core_video_button\" data-id=\"c7d705e\" data-element_type=\"widget\" data-e-type=\"widget\" data-widget_type=\"coachfocus_core_video_button.default\">\n\t\t\t\t<div class=\"elementor-widget-container\">\n\t\t\t\t\t<div class=\"qodef-shortcode qodef-m  qodef-video-button qodef--has-img  qodef-enable-border-radius--yes\">\n\t\t<div class=\"qodef-m-image\">\n\t\t<img fetchpriority=\"high\" decoding=\"async\" width=\"1448\" height=\"806\" src=\"https:\/\/ruralproofing.redr.es\/wp-content\/uploads\/2025\/02\/Diseno-sin-titulo.png\" class=\"attachment-full size-full\" alt=\"\" \/>\t<\/div>\n\t\t<a itemprop=\"url\" class=\"qodef-m-play qodef-magnific-popup qodef-popup-item\"  href=\"https:\/\/www.youtube.com\/watch?v=k3KwPqQ0UPk\" data-type=\"iframe\">\n\t\t<span class=\"qodef-m-play-inner\">\n\t\t\t<svg class=\"qodef-play\" xmlns=\"http:\/\/www.w3.org\/2000\/svg\" xmlns:xlink=\"http:\/\/www.w3.org\/1999\/xlink\"\n\t\t\t     x=\"0px\" y=\"0px\" width=\"104\" height=\"104\" viewBox=\"0 0 104 104\"\n\t\t\t     style=\"enable-background:new 0 0 104 104;\" xml:space=\"preserve\">\n\t\t\t\t<path d=\"M58.5,52l-13,8V44L58.5,52\"\/>\n\t\t\t\t<circle cx=\"52\" cy=\"52\" r=\"51.5\"\/>\n\t\t\t\t<circle cx=\"52\" cy=\"52\" r=\"51.5\"\/>\n\t\t\t<\/svg>\n\t\t<\/span>\n\t<\/a>\n<\/div>\n\t\t\t\t<\/div>\n\t\t\t\t<\/div>\n\t\t\t\t<div class=\"elementor-element elementor-element-b77f76e elementor-widget elementor-widget-text-editor\" data-id=\"b77f76e\" data-element_type=\"widget\" data-e-type=\"widget\" data-widget_type=\"text-editor.default\">\n\t\t\t\t<div class=\"elementor-widget-container\">\n\t\t\t\t\t\t\t\t\t<p>Paloma Escur\u00edn | Centro H\u00edpico Los Sue\u00f1os<\/p>\n<p>Oca\u00f1a, Toledo<\/p>\n<h6>Una vida entre caballos y un sue\u00f1o hecho realidad: el Centro H\u00edpico &#8216;Los Sue\u00f1os&#8217; combina pasi\u00f3n, cuidado y ense\u00f1anza en unas instalaciones dise\u00f1adas para el bienestar equino y la formaci\u00f3n de jinetes para todos los p\u00fablicos. Adem\u00e1s, su restaurante ofrece un espacio acogedor para disfrutar de la gastronom\u00eda rodeado de caballos all\u00e1 donde mires.&nbsp;<\/h6>\t\t\t\t\t\t\t\t<\/div>\n\t\t\t\t<\/div>\n\t\t\t\t\t<\/div>\n\t\t<\/div>\n\t\t\t\t<div class=\"elementor-column elementor-col-33 elementor-top-column elementor-element elementor-element-19b90e1\" data-id=\"19b90e1\" data-element_type=\"column\" data-e-type=\"column\">\n\t\t\t<div class=\"elementor-widget-wrap elementor-element-populated\">\n\t\t\t\t\t\t<div class=\"elementor-element elementor-element-2cb2a69 elementor-widget elementor-widget-coachfocus_core_video_button\" data-id=\"2cb2a69\" data-element_type=\"widget\" data-e-type=\"widget\" data-widget_type=\"coachfocus_core_video_button.default\">\n\t\t\t\t<div class=\"elementor-widget-container\">\n\t\t\t\t\t<div class=\"qodef-shortcode qodef-m  qodef-video-button qodef--has-img  qodef-enable-border-radius--yes\">\n\t\t<div class=\"qodef-m-image\">\n\t\t<img decoding=\"async\" width=\"1448\" height=\"806\" src=\"https:\/\/ruralproofing.redr.es\/wp-content\/uploads\/2025\/02\/Javier-Alfaro-online-video-cutter.com_000.png\" class=\"attachment-full size-full\" alt=\"\" \/>\t<\/div>\n\t\t<a itemprop=\"url\" class=\"qodef-m-play qodef-magnific-popup qodef-popup-item\"  href=\"https:\/\/www.youtube.com\/watch?v=c1e3mGkgQVg\" data-type=\"iframe\">\n\t\t<span class=\"qodef-m-play-inner\">\n\t\t\t<svg class=\"qodef-play\" xmlns=\"http:\/\/www.w3.org\/2000\/svg\" xmlns:xlink=\"http:\/\/www.w3.org\/1999\/xlink\"\n\t\t\t     x=\"0px\" y=\"0px\" width=\"104\" height=\"104\" viewBox=\"0 0 104 104\"\n\t\t\t     style=\"enable-background:new 0 0 104 104;\" xml:space=\"preserve\">\n\t\t\t\t<path d=\"M58.5,52l-13,8V44L58.5,52\"\/>\n\t\t\t\t<circle cx=\"52\" cy=\"52\" r=\"51.5\"\/>\n\t\t\t\t<circle cx=\"52\" cy=\"52\" r=\"51.5\"\/>\n\t\t\t<\/svg>\n\t\t<\/span>\n\t<\/a>\n<\/div>\n\t\t\t\t<\/div>\n\t\t\t\t<\/div>\n\t\t\t\t<div class=\"elementor-element elementor-element-3ef190a elementor-widget elementor-widget-text-editor\" data-id=\"3ef190a\" data-element_type=\"widget\" data-e-type=\"widget\" data-widget_type=\"text-editor.default\">\n\t\t\t\t<div class=\"elementor-widget-container\">\n\t\t\t\t\t\t\t\t\t<p>Javier Alfaro | Podoactiva<\/p><p>Tierz, Huesca<\/p><h6>Lo que empez\u00f3 en 2006 como una unidad m\u00f3vil de podolog\u00eda hoy es un referente internacional en el cuidado del pie. Podoactiva lleva la podolog\u00eda a donde m\u00e1s se necesita, especialmente a zonas rurales.<\/h6>\t\t\t\t\t\t\t\t<\/div>\n\t\t\t\t<\/div>\n\t\t\t\t\t<\/div>\n\t\t<\/div>\n\t\t\t\t<div class=\"elementor-column elementor-col-33 elementor-top-column elementor-element elementor-element-18ecd9b\" data-id=\"18ecd9b\" data-element_type=\"column\" data-e-type=\"column\">\n\t\t\t<div class=\"elementor-widget-wrap elementor-element-populated\">\n\t\t\t\t\t\t<div class=\"elementor-element elementor-element-b60e45b elementor-widget elementor-widget-coachfocus_core_video_button\" data-id=\"b60e45b\" data-element_type=\"widget\" data-e-type=\"widget\" data-widget_type=\"coachfocus_core_video_button.default\">\n\t\t\t\t<div class=\"elementor-widget-container\">\n\t\t\t\t\t<div class=\"qodef-shortcode qodef-m  qodef-video-button qodef--has-img  qodef-enable-border-radius--yes\">\n\t\t<div class=\"qodef-m-image\">\n\t\t<img decoding=\"async\" width=\"1448\" height=\"806\" src=\"https:\/\/ruralproofing.redr.es\/wp-content\/uploads\/2025\/02\/Examinamos-las-leyes-con-1.png\" class=\"attachment-full size-full\" alt=\"\" \/>\t<\/div>\n\t\t<a itemprop=\"url\" class=\"qodef-m-play qodef-magnific-popup qodef-popup-item\"  href=\"https:\/\/www.youtube.com\/watch?v=0vbpwDWoMO0\" data-type=\"iframe\">\n\t\t<span class=\"qodef-m-play-inner\">\n\t\t\t<svg class=\"qodef-play\" xmlns=\"http:\/\/www.w3.org\/2000\/svg\" xmlns:xlink=\"http:\/\/www.w3.org\/1999\/xlink\"\n\t\t\t     x=\"0px\" y=\"0px\" width=\"104\" height=\"104\" viewBox=\"0 0 104 104\"\n\t\t\t     style=\"enable-background:new 0 0 104 104;\" xml:space=\"preserve\">\n\t\t\t\t<path d=\"M58.5,52l-13,8V44L58.5,52\"\/>\n\t\t\t\t<circle cx=\"52\" cy=\"52\" r=\"51.5\"\/>\n\t\t\t\t<circle cx=\"52\" cy=\"52\" r=\"51.5\"\/>\n\t\t\t<\/svg>\n\t\t<\/span>\n\t<\/a>\n<\/div>\n\t\t\t\t<\/div>\n\t\t\t\t<\/div>\n\t\t\t\t<div class=\"elementor-element elementor-element-e85191f elementor-widget elementor-widget-text-editor\" data-id=\"e85191f\" data-element_type=\"widget\" data-e-type=\"widget\" data-widget_type=\"text-editor.default\">\n\t\t\t\t<div class=\"elementor-widget-container\">\n\t\t\t\t\t\t\t\t\t<p>Esteve Puigpin\u00f3s | Cerveza 90 varas<\/p><p>Cerezo de Abajo, Segovia<\/p><h6>Esteve elabora cervezas artesanales inspiradas en la historia y la pureza de los ingredientes. Sin aditivos ni atajos, solo agua de la Sierra de Ayll\u00f3n, cereales de calidad y mucho l\u00fapulo para un sabor \u00fanico.<\/h6>\t\t\t\t\t\t\t\t<\/div>\n\t\t\t\t<\/div>\n\t\t\t\t\t<\/div>\n\t\t<\/div>\n\t\t\t\t\t<\/div>\n\t\t<\/section>\n\t\t<div class=\"elementor-element elementor-element-389496e e-flex e-con-boxed e-con e-parent\" data-id=\"389496e\" data-element_type=\"container\" data-e-type=\"container\">\n\t\t\t\t\t<div class=\"e-con-inner\">\n\t\t\t\t<div class=\"elementor-element elementor-element-9380799 elementor-widget elementor-widget-spacer\" data-id=\"9380799\" data-element_type=\"widget\" data-e-type=\"widget\" data-widget_type=\"spacer.default\">\n\t\t\t\t<div class=\"elementor-widget-container\">\n\t\t\t\t\t\t\t<div class=\"elementor-spacer\">\n\t\t\t<div class=\"elementor-spacer-inner\"><\/div>\n\t\t<\/div>\n\t\t\t\t\t\t<\/div>\n\t\t\t\t<\/div>\n\t\t\t\t\t<\/div>\n\t\t\t\t<\/div>\n\t\t\t\t<section class=\"elementor-section elementor-top-section elementor-element elementor-element-b52c9d7 elementor-section-full_width qodef-elementor-content-grid elementor-section-height-default elementor-section-height-default\" data-id=\"b52c9d7\" data-element_type=\"section\" data-e-type=\"section\">\n\t\t\t\t\t\t<div class=\"elementor-container elementor-column-gap-default\">\n\t\t\t\t\t<div class=\"elementor-column elementor-col-33 elementor-top-column elementor-element elementor-element-c6b89cb\" data-id=\"c6b89cb\" data-element_type=\"column\" data-e-type=\"column\">\n\t\t\t<div class=\"elementor-widget-wrap elementor-element-populated\">\n\t\t\t\t\t\t<div class=\"elementor-element elementor-element-3d48130 elementor-widget__width-initial elementor-widget elementor-widget-coachfocus_core_video_button\" data-id=\"3d48130\" data-element_type=\"widget\" data-e-type=\"widget\" data-widget_type=\"coachfocus_core_video_button.default\">\n\t\t\t\t<div class=\"elementor-widget-container\">\n\t\t\t\t\t<div class=\"qodef-shortcode qodef-m  qodef-video-button qodef--has-img  qodef-enable-border-radius--yes\">\n\t\t<div class=\"qodef-m-image\">\n\t\t<img loading=\"lazy\" decoding=\"async\" width=\"1510\" height=\"809\" src=\"https:\/\/ruralproofing.redr.es\/wp-content\/uploads\/2025\/04\/Marta-Morcuende.-Horizontal-YouTube-recorta.png\" class=\"attachment-full size-full\" alt=\"\" \/>\t<\/div>\n\t\t<a itemprop=\"url\" class=\"qodef-m-play qodef-magnific-popup qodef-popup-item\"  href=\"https:\/\/www.youtube.com\/watch?v=Vdeqm-BOV60\" data-type=\"iframe\">\n\t\t<span class=\"qodef-m-play-inner\">\n\t\t\t<svg class=\"qodef-play\" xmlns=\"http:\/\/www.w3.org\/2000\/svg\" xmlns:xlink=\"http:\/\/www.w3.org\/1999\/xlink\"\n\t\t\t     x=\"0px\" y=\"0px\" width=\"104\" height=\"104\" viewBox=\"0 0 104 104\"\n\t\t\t     style=\"enable-background:new 0 0 104 104;\" xml:space=\"preserve\">\n\t\t\t\t<path d=\"M58.5,52l-13,8V44L58.5,52\"\/>\n\t\t\t\t<circle cx=\"52\" cy=\"52\" r=\"51.5\"\/>\n\t\t\t\t<circle cx=\"52\" cy=\"52\" r=\"51.5\"\/>\n\t\t\t<\/svg>\n\t\t<\/span>\n\t<\/a>\n<\/div>\n\t\t\t\t<\/div>\n\t\t\t\t<\/div>\n\t\t\t\t<div class=\"elementor-element elementor-element-e79048c elementor-widget__width-initial elementor-widget-mobile__width-initial elementor-widget elementor-widget-text-editor\" data-id=\"e79048c\" data-element_type=\"widget\" data-e-type=\"widget\" data-widget_type=\"text-editor.default\">\n\t\t\t\t<div class=\"elementor-widget-container\">\n\t\t\t\t\t\t\t\t\t<p>Marta Morcuende | TEA-mo<\/p><p>Noblejas, Toledo<\/p><h6>La asociaci\u00f3n naci\u00f3 del compromiso de varias familias ante la falta de recursos educativos y sociales para personas neurodivergentes en la comarca de Mesa de Oca\u00f1a. Su labor abarca 16 municipios ofreciendo psicoterapia, terapia ocupacional, pedagog\u00eda, etc<b>.<\/b><\/h6>\t\t\t\t\t\t\t\t<\/div>\n\t\t\t\t<\/div>\n\t\t\t\t\t<\/div>\n\t\t<\/div>\n\t\t\t\t<div class=\"elementor-column elementor-col-33 elementor-top-column elementor-element elementor-element-d434350\" data-id=\"d434350\" data-element_type=\"column\" data-e-type=\"column\">\n\t\t\t<div class=\"elementor-widget-wrap elementor-element-populated\">\n\t\t\t\t\t\t<div class=\"elementor-element elementor-element-58dce13 elementor-widget__width-initial elementor-widget elementor-widget-coachfocus_core_video_button\" data-id=\"58dce13\" data-element_type=\"widget\" data-e-type=\"widget\" data-widget_type=\"coachfocus_core_video_button.default\">\n\t\t\t\t<div class=\"elementor-widget-container\">\n\t\t\t\t\t<div class=\"qodef-shortcode qodef-m  qodef-video-button qodef--has-img  qodef-enable-border-radius--yes\">\n\t\t<div class=\"qodef-m-image\">\n\t\t<img loading=\"lazy\" decoding=\"async\" width=\"1536\" height=\"809\" src=\"https:\/\/ruralproofing.redr.es\/wp-content\/uploads\/2025\/03\/Andreu-Cullere-Tres-Cadires-Horizontal-Microsite.png\" class=\"attachment-full size-full\" alt=\"\" \/>\t<\/div>\n\t\t<a itemprop=\"url\" class=\"qodef-m-play qodef-magnific-popup qodef-popup-item\"  href=\"https:\/\/www.youtube.com\/watch?v=W4pjw97ym64\" data-type=\"iframe\">\n\t\t<span class=\"qodef-m-play-inner\">\n\t\t\t<svg class=\"qodef-play\" xmlns=\"http:\/\/www.w3.org\/2000\/svg\" xmlns:xlink=\"http:\/\/www.w3.org\/1999\/xlink\"\n\t\t\t     x=\"0px\" y=\"0px\" width=\"104\" height=\"104\" viewBox=\"0 0 104 104\"\n\t\t\t     style=\"enable-background:new 0 0 104 104;\" xml:space=\"preserve\">\n\t\t\t\t<path d=\"M58.5,52l-13,8V44L58.5,52\"\/>\n\t\t\t\t<circle cx=\"52\" cy=\"52\" r=\"51.5\"\/>\n\t\t\t\t<circle cx=\"52\" cy=\"52\" r=\"51.5\"\/>\n\t\t\t<\/svg>\n\t\t<\/span>\n\t<\/a>\n<\/div>\n\t\t\t\t<\/div>\n\t\t\t\t<\/div>\n\t\t\t\t<div class=\"elementor-element elementor-element-86a0737 elementor-widget__width-initial elementor-widget-mobile__width-initial elementor-widget elementor-widget-text-editor\" data-id=\"86a0737\" data-element_type=\"widget\" data-e-type=\"widget\" data-widget_type=\"text-editor.default\">\n\t\t\t\t<div class=\"elementor-widget-container\">\n\t\t\t\t\t\t\t\t\t<p>Andreu Culler\u00e9 | Tres Cadires SCCL<\/p><p>Arbeca, Lleida<\/p><h6 style=\"text-align: center;\">Tres Cadires es una cooperativa sin \u00e1nimo de lucro que produce licores y vermuts artesanos. Uno de sus mayores logros ha sido transformar su obrador en un espacio compartido para otros proyectos agroecol\u00f3gicos.<\/h6>\t\t\t\t\t\t\t\t<\/div>\n\t\t\t\t<\/div>\n\t\t\t\t\t<\/div>\n\t\t<\/div>\n\t\t\t\t<div class=\"elementor-column elementor-col-33 elementor-top-column elementor-element elementor-element-43ab0d7\" data-id=\"43ab0d7\" data-element_type=\"column\" data-e-type=\"column\">\n\t\t\t<div class=\"elementor-widget-wrap elementor-element-populated\">\n\t\t\t\t\t\t<div class=\"elementor-element elementor-element-05f024d elementor-widget__width-initial elementor-widget elementor-widget-coachfocus_core_video_button\" data-id=\"05f024d\" data-element_type=\"widget\" data-e-type=\"widget\" data-widget_type=\"coachfocus_core_video_button.default\">\n\t\t\t\t<div class=\"elementor-widget-container\">\n\t\t\t\t\t<div class=\"qodef-shortcode qodef-m  qodef-video-button qodef--has-img  qodef-enable-border-radius--yes\">\n\t\t<div class=\"qodef-m-image\">\n\t\t<img loading=\"lazy\" decoding=\"async\" width=\"1579\" height=\"813\" src=\"https:\/\/ruralproofing.redr.es\/wp-content\/uploads\/2025\/04\/c18800cb-375f-4b49-b750-7a4d2dbd4cd1.png\" class=\"attachment-full size-full\" alt=\"\" \/>\t<\/div>\n\t\t<a itemprop=\"url\" class=\"qodef-m-play qodef-magnific-popup qodef-popup-item\"  href=\"https:\/\/www.youtube.com\/watch?v=O1aDEW-vwQM\" data-type=\"iframe\">\n\t\t<span class=\"qodef-m-play-inner\">\n\t\t\t<svg class=\"qodef-play\" xmlns=\"http:\/\/www.w3.org\/2000\/svg\" xmlns:xlink=\"http:\/\/www.w3.org\/1999\/xlink\"\n\t\t\t     x=\"0px\" y=\"0px\" width=\"104\" height=\"104\" viewBox=\"0 0 104 104\"\n\t\t\t     style=\"enable-background:new 0 0 104 104;\" xml:space=\"preserve\">\n\t\t\t\t<path d=\"M58.5,52l-13,8V44L58.5,52\"\/>\n\t\t\t\t<circle cx=\"52\" cy=\"52\" r=\"51.5\"\/>\n\t\t\t\t<circle cx=\"52\" cy=\"52\" r=\"51.5\"\/>\n\t\t\t<\/svg>\n\t\t<\/span>\n\t<\/a>\n<\/div>\n\t\t\t\t<\/div>\n\t\t\t\t<\/div>\n\t\t\t\t<div class=\"elementor-element elementor-element-35acf62 elementor-widget__width-initial elementor-widget-mobile__width-initial elementor-widget elementor-widget-text-editor\" data-id=\"35acf62\" data-element_type=\"widget\" data-e-type=\"widget\" data-widget_type=\"text-editor.default\">\n\t\t\t\t<div class=\"elementor-widget-container\">\n\t\t\t\t\t\t\t\t\t<p>Carolina Castro | Turitaxi Cuideiru<\/p><p>Cudillero, Asturias<\/p><h6 style=\"text-align: center;\">El primer Eurotaxi del concejo. Un proyecto que combina transporte adaptado, rutas tur\u00edsticas por el occidente asturiano y un servicio personalizado de acompa\u00f1amiento, tanto a personas mayores como a j\u00f3venes.<\/h6>\t\t\t\t\t\t\t\t<\/div>\n\t\t\t\t<\/div>\n\t\t\t\t\t<\/div>\n\t\t<\/div>\n\t\t\t\t\t<\/div>\n\t\t<\/section>\n\t\t<div class=\"elementor-element elementor-element-1bd072f e-flex e-con-boxed e-con e-parent\" data-id=\"1bd072f\" data-element_type=\"container\" data-e-type=\"container\">\n\t\t\t\t\t<div class=\"e-con-inner\">\n\t\t\t\t<div class=\"elementor-element elementor-element-2818e84 elementor-widget elementor-widget-spacer\" data-id=\"2818e84\" data-element_type=\"widget\" data-e-type=\"widget\" data-widget_type=\"spacer.default\">\n\t\t\t\t<div class=\"elementor-widget-container\">\n\t\t\t\t\t\t\t<div class=\"elementor-spacer\">\n\t\t\t<div class=\"elementor-spacer-inner\"><\/div>\n\t\t<\/div>\n\t\t\t\t\t\t<\/div>\n\t\t\t\t<\/div>\n\t\t\t\t\t<\/div>\n\t\t\t\t<\/div>\n\t\t\t\t<section class=\"elementor-section elementor-top-section elementor-element elementor-element-8e3adfd elementor-section-full_width qodef-elementor-content-grid elementor-section-height-default elementor-section-height-default\" data-id=\"8e3adfd\" data-element_type=\"section\" data-e-type=\"section\">\n\t\t\t\t\t\t<div class=\"elementor-container elementor-column-gap-default\">\n\t\t\t\t\t<div class=\"elementor-column elementor-col-33 elementor-top-column elementor-element elementor-element-dc6551a\" data-id=\"dc6551a\" data-element_type=\"column\" data-e-type=\"column\">\n\t\t\t<div class=\"elementor-widget-wrap elementor-element-populated\">\n\t\t\t\t\t\t<div class=\"elementor-element elementor-element-984ff80 elementor-widget__width-initial elementor-widget elementor-widget-coachfocus_core_video_button\" data-id=\"984ff80\" data-element_type=\"widget\" data-e-type=\"widget\" data-widget_type=\"coachfocus_core_video_button.default\">\n\t\t\t\t<div class=\"elementor-widget-container\">\n\t\t\t\t\t<div class=\"qodef-shortcode qodef-m  qodef-video-button qodef--has-img  qodef-enable-border-radius--yes\">\n\t\t<div class=\"qodef-m-image\">\n\t\t<img loading=\"lazy\" decoding=\"async\" width=\"1491\" height=\"811\" src=\"https:\/\/ruralproofing.redr.es\/wp-content\/uploads\/2025\/03\/Alfonso-Perez-Muelas-Horizontal-web.png\" class=\"attachment-full size-full\" alt=\"\" \/>\t<\/div>\n\t\t<a itemprop=\"url\" class=\"qodef-m-play qodef-magnific-popup qodef-popup-item\"  href=\"https:\/\/www.youtube.com\/watch?v=jyXhdQoGtaE\" data-type=\"iframe\">\n\t\t<span class=\"qodef-m-play-inner\">\n\t\t\t<svg class=\"qodef-play\" xmlns=\"http:\/\/www.w3.org\/2000\/svg\" xmlns:xlink=\"http:\/\/www.w3.org\/1999\/xlink\"\n\t\t\t     x=\"0px\" y=\"0px\" width=\"104\" height=\"104\" viewBox=\"0 0 104 104\"\n\t\t\t     style=\"enable-background:new 0 0 104 104;\" xml:space=\"preserve\">\n\t\t\t\t<path d=\"M58.5,52l-13,8V44L58.5,52\"\/>\n\t\t\t\t<circle cx=\"52\" cy=\"52\" r=\"51.5\"\/>\n\t\t\t\t<circle cx=\"52\" cy=\"52\" r=\"51.5\"\/>\n\t\t\t<\/svg>\n\t\t<\/span>\n\t<\/a>\n<\/div>\n\t\t\t\t<\/div>\n\t\t\t\t<\/div>\n\t\t\t\t<div class=\"elementor-element elementor-element-32912d5 elementor-widget__width-initial elementor-widget-mobile__width-initial elementor-widget elementor-widget-text-editor\" data-id=\"32912d5\" data-element_type=\"widget\" data-e-type=\"widget\" data-widget_type=\"text-editor.default\">\n\t\t\t\t<div class=\"elementor-widget-container\">\n\t\t\t\t\t\t\t\t\t<p>Alfonso P\u00e9rez-Muelas | La Zarcillera<\/p>\n<p>Zarcilla de Ramos, Murcia<\/p>\n<h6 style=\"text-align: center;\">M\u00e1s de 17 a\u00f1os dedicados a la ganader\u00eda caprina y, ahora, han dado un paso m\u00e1s creando su propia queser\u00eda artesanal.<\/h6>\t\t\t\t\t\t\t\t<\/div>\n\t\t\t\t<\/div>\n\t\t\t\t\t<\/div>\n\t\t<\/div>\n\t\t\t\t<div class=\"elementor-column elementor-col-33 elementor-top-column elementor-element elementor-element-be142f9\" data-id=\"be142f9\" data-element_type=\"column\" data-e-type=\"column\">\n\t\t\t<div class=\"elementor-widget-wrap elementor-element-populated\">\n\t\t\t\t\t\t<div class=\"elementor-element elementor-element-b8efe1e elementor-widget__width-initial elementor-widget elementor-widget-coachfocus_core_video_button\" data-id=\"b8efe1e\" data-element_type=\"widget\" data-e-type=\"widget\" data-widget_type=\"coachfocus_core_video_button.default\">\n\t\t\t\t<div class=\"elementor-widget-container\">\n\t\t\t\t\t<div class=\"qodef-shortcode qodef-m  qodef-video-button qodef--has-img  qodef-enable-border-radius--yes\">\n\t\t<div class=\"qodef-m-image\">\n\t\t<img loading=\"lazy\" decoding=\"async\" width=\"1560\" height=\"807\" src=\"https:\/\/ruralproofing.redr.es\/wp-content\/uploads\/2025\/04\/Teresa-Montejo-Orejas-Pecuarias-2.png\" class=\"attachment-full size-full\" alt=\"\" \/>\t<\/div>\n\t\t<a itemprop=\"url\" class=\"qodef-m-play qodef-magnific-popup qodef-popup-item\"  href=\"https:\/\/www.youtube.com\/watch?v=AczhSW3y05I\" data-type=\"iframe\">\n\t\t<span class=\"qodef-m-play-inner\">\n\t\t\t<svg class=\"qodef-play\" xmlns=\"http:\/\/www.w3.org\/2000\/svg\" xmlns:xlink=\"http:\/\/www.w3.org\/1999\/xlink\"\n\t\t\t     x=\"0px\" y=\"0px\" width=\"104\" height=\"104\" viewBox=\"0 0 104 104\"\n\t\t\t     style=\"enable-background:new 0 0 104 104;\" xml:space=\"preserve\">\n\t\t\t\t<path d=\"M58.5,52l-13,8V44L58.5,52\"\/>\n\t\t\t\t<circle cx=\"52\" cy=\"52\" r=\"51.5\"\/>\n\t\t\t\t<circle cx=\"52\" cy=\"52\" r=\"51.5\"\/>\n\t\t\t<\/svg>\n\t\t<\/span>\n\t<\/a>\n<\/div>\n\t\t\t\t<\/div>\n\t\t\t\t<\/div>\n\t\t\t\t<div class=\"elementor-element elementor-element-fd277a7 elementor-widget__width-initial elementor-widget-mobile__width-initial elementor-widget elementor-widget-text-editor\" data-id=\"fd277a7\" data-element_type=\"widget\" data-e-type=\"widget\" data-widget_type=\"text-editor.default\">\n\t\t\t\t<div class=\"elementor-widget-container\">\n\t\t\t\t\t\t\t\t\t<p>Teresa Montejo | Orejas Pecuarias<\/p><p>Riaza, Segovia<\/p><h6 style=\"text-align: center;\">Teresa volvi\u00f3 a su pueblo y apost\u00f3 por emprender desde la finca familiar: joyas artesanas, jabones, b\u00e1lsamos, cosm\u00e9tica natural\u2026 y una vida m\u00e1s conectada con lo esencial.<\/h6>\t\t\t\t\t\t\t\t<\/div>\n\t\t\t\t<\/div>\n\t\t\t\t\t<\/div>\n\t\t<\/div>\n\t\t\t\t<div class=\"elementor-column elementor-col-33 elementor-top-column elementor-element elementor-element-b646f7d\" data-id=\"b646f7d\" data-element_type=\"column\" data-e-type=\"column\">\n\t\t\t<div class=\"elementor-widget-wrap elementor-element-populated\">\n\t\t\t\t\t\t<div class=\"elementor-element elementor-element-d6e7437 elementor-widget__width-initial elementor-widget elementor-widget-coachfocus_core_video_button\" data-id=\"d6e7437\" data-element_type=\"widget\" data-e-type=\"widget\" data-widget_type=\"coachfocus_core_video_button.default\">\n\t\t\t\t<div class=\"elementor-widget-container\">\n\t\t\t\t\t<div class=\"qodef-shortcode qodef-m  qodef-video-button qodef--has-img  qodef-enable-border-radius--yes\">\n\t\t<div class=\"qodef-m-image\">\n\t\t<img loading=\"lazy\" decoding=\"async\" width=\"1536\" height=\"801\" src=\"https:\/\/ruralproofing.redr.es\/wp-content\/uploads\/2025\/03\/Eduardo-Gomez-Arquimat-Horizontal-YouTube.png\" class=\"attachment-full size-full\" alt=\"\" \/>\t<\/div>\n\t\t<a itemprop=\"url\" class=\"qodef-m-play qodef-magnific-popup qodef-popup-item\"  href=\"https:\/\/www.youtube.com\/watch?v=6SN6wT0oiA4\" data-type=\"iframe\">\n\t\t<span class=\"qodef-m-play-inner\">\n\t\t\t<svg class=\"qodef-play\" xmlns=\"http:\/\/www.w3.org\/2000\/svg\" xmlns:xlink=\"http:\/\/www.w3.org\/1999\/xlink\"\n\t\t\t     x=\"0px\" y=\"0px\" width=\"104\" height=\"104\" viewBox=\"0 0 104 104\"\n\t\t\t     style=\"enable-background:new 0 0 104 104;\" xml:space=\"preserve\">\n\t\t\t\t<path d=\"M58.5,52l-13,8V44L58.5,52\"\/>\n\t\t\t\t<circle cx=\"52\" cy=\"52\" r=\"51.5\"\/>\n\t\t\t\t<circle cx=\"52\" cy=\"52\" r=\"51.5\"\/>\n\t\t\t<\/svg>\n\t\t<\/span>\n\t<\/a>\n<\/div>\n\t\t\t\t<\/div>\n\t\t\t\t<\/div>\n\t\t\t\t<div class=\"elementor-element elementor-element-d3dbaa0 elementor-widget__width-initial elementor-widget-mobile__width-initial elementor-widget elementor-widget-text-editor\" data-id=\"d3dbaa0\" data-element_type=\"widget\" data-e-type=\"widget\" data-widget_type=\"text-editor.default\">\n\t\t\t\t<div class=\"elementor-widget-container\">\n\t\t\t\t\t\t\t\t\t<p>Eduardo G\u00f3mez | Arquimat Mobiliario SL<\/p><p>Aguilar de Campoo, Palencia<\/p><h6 style=\"text-align: center;\">Dise\u00f1an y fabrican muebles a medida, combinando carpinter\u00eda tradicional con soluciones personalizadas para el hogar. Desde armarios y cocinas hasta puertas, ventanas y suelos, su trabajo apuesta por la calidad y la funcionalidad.<\/h6>\t\t\t\t\t\t\t\t<\/div>\n\t\t\t\t<\/div>\n\t\t\t\t\t<\/div>\n\t\t<\/div>\n\t\t\t\t\t<\/div>\n\t\t<\/section>\n\t\t<div class=\"elementor-element elementor-element-feba230 e-flex e-con-boxed e-con e-parent\" data-id=\"feba230\" data-element_type=\"container\" data-e-type=\"container\">\n\t\t\t\t\t<div class=\"e-con-inner\">\n\t\t\t\t<div class=\"elementor-element elementor-element-a42dcb9 elementor-widget elementor-widget-spacer\" data-id=\"a42dcb9\" data-element_type=\"widget\" data-e-type=\"widget\" data-widget_type=\"spacer.default\">\n\t\t\t\t<div class=\"elementor-widget-container\">\n\t\t\t\t\t\t\t<div class=\"elementor-spacer\">\n\t\t\t<div class=\"elementor-spacer-inner\"><\/div>\n\t\t<\/div>\n\t\t\t\t\t\t<\/div>\n\t\t\t\t<\/div>\n\t\t\t\t\t<\/div>\n\t\t\t\t<\/div>\n\t\t\t\t<section class=\"elementor-section elementor-top-section elementor-element elementor-element-4822824 elementor-section-full_width qodef-elementor-content-grid elementor-section-height-default elementor-section-height-default\" data-id=\"4822824\" data-element_type=\"section\" data-e-type=\"section\">\n\t\t\t\t\t\t<div class=\"elementor-container elementor-column-gap-default\">\n\t\t\t\t\t<div class=\"elementor-column elementor-col-33 elementor-top-column elementor-element elementor-element-2022efb\" data-id=\"2022efb\" data-element_type=\"column\" data-e-type=\"column\">\n\t\t\t<div class=\"elementor-widget-wrap elementor-element-populated\">\n\t\t\t\t\t\t<div class=\"elementor-element elementor-element-1725a8c elementor-widget__width-initial elementor-widget elementor-widget-coachfocus_core_video_button\" data-id=\"1725a8c\" data-element_type=\"widget\" data-e-type=\"widget\" data-widget_type=\"coachfocus_core_video_button.default\">\n\t\t\t\t<div class=\"elementor-widget-container\">\n\t\t\t\t\t<div class=\"qodef-shortcode qodef-m  qodef-video-button qodef--has-img  qodef-enable-border-radius--yes\">\n\t\t<div class=\"qodef-m-image\">\n\t\t<img loading=\"lazy\" decoding=\"async\" width=\"1536\" height=\"811\" src=\"https:\/\/ruralproofing.redr.es\/wp-content\/uploads\/2025\/03\/Alvaro-Bastero-_La-Tormenta-Horizontal-Microsite-1-1.png\" class=\"attachment-full size-full\" alt=\"\" \/>\t<\/div>\n\t\t<a itemprop=\"url\" class=\"qodef-m-play qodef-magnific-popup qodef-popup-item\"  href=\"https:\/\/www.youtube.com\/watch?v=P2A18geAFko\" data-type=\"iframe\">\n\t\t<span class=\"qodef-m-play-inner\">\n\t\t\t<svg class=\"qodef-play\" xmlns=\"http:\/\/www.w3.org\/2000\/svg\" xmlns:xlink=\"http:\/\/www.w3.org\/1999\/xlink\"\n\t\t\t     x=\"0px\" y=\"0px\" width=\"104\" height=\"104\" viewBox=\"0 0 104 104\"\n\t\t\t     style=\"enable-background:new 0 0 104 104;\" xml:space=\"preserve\">\n\t\t\t\t<path d=\"M58.5,52l-13,8V44L58.5,52\"\/>\n\t\t\t\t<circle cx=\"52\" cy=\"52\" r=\"51.5\"\/>\n\t\t\t\t<circle cx=\"52\" cy=\"52\" r=\"51.5\"\/>\n\t\t\t<\/svg>\n\t\t<\/span>\n\t<\/a>\n<\/div>\n\t\t\t\t<\/div>\n\t\t\t\t<\/div>\n\t\t\t\t<div class=\"elementor-element elementor-element-4211112 elementor-widget__width-initial elementor-widget-mobile__width-initial elementor-widget elementor-widget-text-editor\" data-id=\"4211112\" data-element_type=\"widget\" data-e-type=\"widget\" data-widget_type=\"text-editor.default\">\n\t\t\t\t<div class=\"elementor-widget-container\">\n\t\t\t\t\t\t\t\t\t<p>\u00c1lvaro Bastero | La Tormenta<\/p><p>Fresno de Cantespino, Segovia<\/p><h6 style=\"text-align: center;\"><span style=\"text-align: left; background-color: #ffffff;\">Experiencias de turismo activo, ecoturismo y aventura en la naturaleza son algunas de las actividades que ofrecen. Cada una de ellas est\u00e1 dise\u00f1ada para conectar con el entorno y aprender de \u00e9l.<\/span><\/h6>\t\t\t\t\t\t\t\t<\/div>\n\t\t\t\t<\/div>\n\t\t\t\t\t<\/div>\n\t\t<\/div>\n\t\t\t\t<div class=\"elementor-column elementor-col-33 elementor-top-column elementor-element elementor-element-7a22709\" data-id=\"7a22709\" data-element_type=\"column\" data-e-type=\"column\">\n\t\t\t<div class=\"elementor-widget-wrap elementor-element-populated\">\n\t\t\t\t\t\t<div class=\"elementor-element elementor-element-173cef5 elementor-widget__width-initial elementor-widget elementor-widget-coachfocus_core_video_button\" data-id=\"173cef5\" data-element_type=\"widget\" data-e-type=\"widget\" data-widget_type=\"coachfocus_core_video_button.default\">\n\t\t\t\t<div class=\"elementor-widget-container\">\n\t\t\t\t\t<div class=\"qodef-shortcode qodef-m  qodef-video-button qodef--has-img  qodef-enable-border-radius--yes\">\n\t\t<div class=\"qodef-m-image\">\n\t\t<img loading=\"lazy\" decoding=\"async\" width=\"1536\" height=\"803\" src=\"https:\/\/ruralproofing.redr.es\/wp-content\/uploads\/2025\/04\/Reme-Garcia-Clinica-Althea-Horizontal-YouTube-y-Microsite.png\" class=\"attachment-full size-full\" alt=\"\" \/>\t<\/div>\n\t\t<a itemprop=\"url\" class=\"qodef-m-play qodef-magnific-popup qodef-popup-item\"  href=\"https:\/\/www.youtube.com\/watch?v=47lsds2q6Oo\" data-type=\"iframe\">\n\t\t<span class=\"qodef-m-play-inner\">\n\t\t\t<svg class=\"qodef-play\" xmlns=\"http:\/\/www.w3.org\/2000\/svg\" xmlns:xlink=\"http:\/\/www.w3.org\/1999\/xlink\"\n\t\t\t     x=\"0px\" y=\"0px\" width=\"104\" height=\"104\" viewBox=\"0 0 104 104\"\n\t\t\t     style=\"enable-background:new 0 0 104 104;\" xml:space=\"preserve\">\n\t\t\t\t<path d=\"M58.5,52l-13,8V44L58.5,52\"\/>\n\t\t\t\t<circle cx=\"52\" cy=\"52\" r=\"51.5\"\/>\n\t\t\t\t<circle cx=\"52\" cy=\"52\" r=\"51.5\"\/>\n\t\t\t<\/svg>\n\t\t<\/span>\n\t<\/a>\n<\/div>\n\t\t\t\t<\/div>\n\t\t\t\t<\/div>\n\t\t\t\t<div class=\"elementor-element elementor-element-de5f0c7 elementor-widget__width-initial elementor-widget-mobile__width-initial elementor-widget elementor-widget-text-editor\" data-id=\"de5f0c7\" data-element_type=\"widget\" data-e-type=\"widget\" data-widget_type=\"text-editor.default\">\n\t\t\t\t<div class=\"elementor-widget-container\">\n\t\t\t\t\t\t\t\t\t<p>Reme Garc\u00eda | Cl\u00ednica Althea<\/p><p>Oca\u00f1a, Toledo<\/p><h6 style=\"text-align: center;\">Ofrecen atenci\u00f3n m\u00e9dica en el medio rural con servicios de medicina general, odontolog\u00eda, diagn\u00f3stico y rehabilitaci\u00f3n.<\/h6>\t\t\t\t\t\t\t\t<\/div>\n\t\t\t\t<\/div>\n\t\t\t\t\t<\/div>\n\t\t<\/div>\n\t\t\t\t<div class=\"elementor-column elementor-col-33 elementor-top-column elementor-element elementor-element-60700e4\" data-id=\"60700e4\" data-element_type=\"column\" data-e-type=\"column\">\n\t\t\t<div class=\"elementor-widget-wrap elementor-element-populated\">\n\t\t\t\t\t\t<div class=\"elementor-element elementor-element-78f8a7c elementor-widget__width-initial elementor-widget elementor-widget-coachfocus_core_video_button\" data-id=\"78f8a7c\" data-element_type=\"widget\" data-e-type=\"widget\" data-widget_type=\"coachfocus_core_video_button.default\">\n\t\t\t\t<div class=\"elementor-widget-container\">\n\t\t\t\t\t<div class=\"qodef-shortcode qodef-m  qodef-video-button qodef--has-img  qodef-enable-border-radius--yes\">\n\t\t<div class=\"qodef-m-image\">\n\t\t<img loading=\"lazy\" decoding=\"async\" width=\"1598\" height=\"812\" src=\"https:\/\/ruralproofing.redr.es\/wp-content\/uploads\/2025\/04\/Antonio-Valera-Finca-El-Romero.png\" class=\"attachment-full size-full\" alt=\"\" \/>\t<\/div>\n\t\t<a itemprop=\"url\" class=\"qodef-m-play qodef-magnific-popup qodef-popup-item\"  href=\"https:\/\/www.youtube.com\/watch?v=kDoUoMRpBT8\" data-type=\"iframe\">\n\t\t<span class=\"qodef-m-play-inner\">\n\t\t\t<svg class=\"qodef-play\" xmlns=\"http:\/\/www.w3.org\/2000\/svg\" xmlns:xlink=\"http:\/\/www.w3.org\/1999\/xlink\"\n\t\t\t     x=\"0px\" y=\"0px\" width=\"104\" height=\"104\" viewBox=\"0 0 104 104\"\n\t\t\t     style=\"enable-background:new 0 0 104 104;\" xml:space=\"preserve\">\n\t\t\t\t<path d=\"M58.5,52l-13,8V44L58.5,52\"\/>\n\t\t\t\t<circle cx=\"52\" cy=\"52\" r=\"51.5\"\/>\n\t\t\t\t<circle cx=\"52\" cy=\"52\" r=\"51.5\"\/>\n\t\t\t<\/svg>\n\t\t<\/span>\n\t<\/a>\n<\/div>\n\t\t\t\t<\/div>\n\t\t\t\t<\/div>\n\t\t\t\t<div class=\"elementor-element elementor-element-e7caedf elementor-widget__width-initial elementor-widget-mobile__width-initial elementor-widget elementor-widget-text-editor\" data-id=\"e7caedf\" data-element_type=\"widget\" data-e-type=\"widget\" data-widget_type=\"text-editor.default\">\n\t\t\t\t<div class=\"elementor-widget-container\">\n\t\t\t\t\t\t\t\t\t<p>Antonio Valera | Finca Ecol\u00f3gica El Romero<\/p><p>Bullas, Murcia<\/p><h6 style=\"text-align: center;\">Una finca ecol\u00f3gica que apuesta por la ganader\u00eda regenerativa y la recuperaci\u00f3n de razas aut\u00f3ctonas en peligro de extinci\u00f3n: la gallina murciana y la castellana negra. Ambas poseen el sello 100% Raza Aut\u00f3ctona y son criadas con el m\u00e1ximo bienestar animal.<\/h6>\t\t\t\t\t\t\t\t<\/div>\n\t\t\t\t<\/div>\n\t\t\t\t\t<\/div>\n\t\t<\/div>\n\t\t\t\t\t<\/div>\n\t\t<\/section>\n\t\t<div class=\"elementor-element elementor-element-5ab0159 e-flex e-con-boxed e-con e-parent\" data-id=\"5ab0159\" data-element_type=\"container\" data-e-type=\"container\">\n\t\t\t\t\t<div class=\"e-con-inner\">\n\t\t\t\t<div class=\"elementor-element elementor-element-d52fb8b elementor-widget elementor-widget-spacer\" data-id=\"d52fb8b\" data-element_type=\"widget\" data-e-type=\"widget\" data-widget_type=\"spacer.default\">\n\t\t\t\t<div class=\"elementor-widget-container\">\n\t\t\t\t\t\t\t<div class=\"elementor-spacer\">\n\t\t\t<div class=\"elementor-spacer-inner\"><\/div>\n\t\t<\/div>\n\t\t\t\t\t\t<\/div>\n\t\t\t\t<\/div>\n\t\t\t\t\t<\/div>\n\t\t\t\t<\/div>\n\t\t\t\t<section class=\"elementor-section elementor-top-section elementor-element elementor-element-b9b05cb elementor-section-full_width qodef-elementor-content-grid elementor-section-height-default elementor-section-height-default\" data-id=\"b9b05cb\" data-element_type=\"section\" data-e-type=\"section\">\n\t\t\t\t\t\t<div class=\"elementor-container elementor-column-gap-default\">\n\t\t\t\t\t<div class=\"elementor-column elementor-col-33 elementor-top-column elementor-element elementor-element-d4811b2\" data-id=\"d4811b2\" data-element_type=\"column\" data-e-type=\"column\">\n\t\t\t<div class=\"elementor-widget-wrap elementor-element-populated\">\n\t\t\t\t\t\t<div class=\"elementor-element elementor-element-b63115b elementor-widget__width-initial elementor-widget elementor-widget-coachfocus_core_video_button\" data-id=\"b63115b\" data-element_type=\"widget\" data-e-type=\"widget\" data-widget_type=\"coachfocus_core_video_button.default\">\n\t\t\t\t<div class=\"elementor-widget-container\">\n\t\t\t\t\t<div class=\"qodef-shortcode qodef-m  qodef-video-button qodef--has-img  qodef-enable-border-radius--yes\">\n\t\t<div class=\"qodef-m-image\">\n\t\t<img loading=\"lazy\" decoding=\"async\" width=\"1627\" height=\"799\" src=\"https:\/\/ruralproofing.redr.es\/wp-content\/uploads\/2025\/04\/Jesus-Alfaro-Escuela-La-Canterad.png\" class=\"attachment-full size-full\" alt=\"\" \/>\t<\/div>\n\t\t<a itemprop=\"url\" class=\"qodef-m-play qodef-magnific-popup qodef-popup-item\"  href=\"https:\/\/www.youtube.com\/watch?v=O1aDEW-vwQM\" data-type=\"iframe\">\n\t\t<span class=\"qodef-m-play-inner\">\n\t\t\t<svg class=\"qodef-play\" xmlns=\"http:\/\/www.w3.org\/2000\/svg\" xmlns:xlink=\"http:\/\/www.w3.org\/1999\/xlink\"\n\t\t\t     x=\"0px\" y=\"0px\" width=\"104\" height=\"104\" viewBox=\"0 0 104 104\"\n\t\t\t     style=\"enable-background:new 0 0 104 104;\" xml:space=\"preserve\">\n\t\t\t\t<path d=\"M58.5,52l-13,8V44L58.5,52\"\/>\n\t\t\t\t<circle cx=\"52\" cy=\"52\" r=\"51.5\"\/>\n\t\t\t\t<circle cx=\"52\" cy=\"52\" r=\"51.5\"\/>\n\t\t\t<\/svg>\n\t\t<\/span>\n\t<\/a>\n<\/div>\n\t\t\t\t<\/div>\n\t\t\t\t<\/div>\n\t\t\t\t<div class=\"elementor-element elementor-element-fee4e53 elementor-widget__width-initial elementor-widget-mobile__width-initial elementor-widget elementor-widget-text-editor\" data-id=\"fee4e53\" data-element_type=\"widget\" data-e-type=\"widget\" data-widget_type=\"text-editor.default\">\n\t\t\t\t<div class=\"elementor-widget-container\">\n\t\t\t\t\t\t\t\t\t<p>Jes\u00fas Alfaro | Escuela Infantil &#8216;La Cantera&#8217;<\/p><p>Tierz, Huesca<\/p><h6 style=\"text-align: center;\">\u2018La Cantera\u2019 es gestionada por el Ayuntamiento de Tierz, ofrece atenci\u00f3n educativa a ni\u00f1os y ni\u00f1as de 0 a 3 a\u00f1os con un enfoque centrado en la participaci\u00f3n de las familias, el desarrollo integral y la inclusi\u00f3n.<\/h6>\t\t\t\t\t\t\t\t<\/div>\n\t\t\t\t<\/div>\n\t\t\t\t\t<\/div>\n\t\t<\/div>\n\t\t\t\t<div class=\"elementor-column elementor-col-33 elementor-top-column elementor-element elementor-element-239300d\" data-id=\"239300d\" data-element_type=\"column\" data-e-type=\"column\">\n\t\t\t<div class=\"elementor-widget-wrap elementor-element-populated\">\n\t\t\t\t\t\t<div class=\"elementor-element elementor-element-326381f elementor-widget__width-initial elementor-widget elementor-widget-coachfocus_core_video_button\" data-id=\"326381f\" data-element_type=\"widget\" data-e-type=\"widget\" data-widget_type=\"coachfocus_core_video_button.default\">\n\t\t\t\t<div class=\"elementor-widget-container\">\n\t\t\t\t\t<div class=\"qodef-shortcode qodef-m  qodef-video-button qodef--has-img  qodef-enable-border-radius--yes\">\n\t\t<div class=\"qodef-m-image\">\n\t\t<img loading=\"lazy\" decoding=\"async\" width=\"1611\" height=\"813\" src=\"https:\/\/ruralproofing.redr.es\/wp-content\/uploads\/2025\/05\/Carlos-Zafra-Apizafra-horizontal-recortada.png\" class=\"attachment-full size-full\" alt=\"\" \/>\t<\/div>\n\t\t<a itemprop=\"url\" class=\"qodef-m-play qodef-magnific-popup qodef-popup-item\"  href=\"https:\/\/www.youtube.com\/watch?v=sUAiMAVaRL4\" data-type=\"iframe\">\n\t\t<span class=\"qodef-m-play-inner\">\n\t\t\t<svg class=\"qodef-play\" xmlns=\"http:\/\/www.w3.org\/2000\/svg\" xmlns:xlink=\"http:\/\/www.w3.org\/1999\/xlink\"\n\t\t\t     x=\"0px\" y=\"0px\" width=\"104\" height=\"104\" viewBox=\"0 0 104 104\"\n\t\t\t     style=\"enable-background:new 0 0 104 104;\" xml:space=\"preserve\">\n\t\t\t\t<path d=\"M58.5,52l-13,8V44L58.5,52\"\/>\n\t\t\t\t<circle cx=\"52\" cy=\"52\" r=\"51.5\"\/>\n\t\t\t\t<circle cx=\"52\" cy=\"52\" r=\"51.5\"\/>\n\t\t\t<\/svg>\n\t\t<\/span>\n\t<\/a>\n<\/div>\n\t\t\t\t<\/div>\n\t\t\t\t<\/div>\n\t\t\t\t<div class=\"elementor-element elementor-element-1522e3f elementor-widget__width-initial elementor-widget-mobile__width-initial elementor-widget elementor-widget-text-editor\" data-id=\"1522e3f\" data-element_type=\"widget\" data-e-type=\"widget\" data-widget_type=\"text-editor.default\">\n\t\t\t\t<div class=\"elementor-widget-container\">\n\t\t\t\t\t\t\t\t\t<p>Carlos Zafra | Apizafra<\/p><p>Albudeite, Murcia<\/p><h6 style=\"text-align: center;\">En Apizafra elaboran miel 100% pura, envasada directamente desde colmenas de apicultores espa\u00f1oles. Ofrecen mieles naturales, tintura de prop\u00f3leo y polen de abeja recolectado en la pen\u00ednsula. M\u00e1s de 30 a\u00f1os de experiencia respaldan su labor y compromiso con la apicultura.<\/h6>\t\t\t\t\t\t\t\t<\/div>\n\t\t\t\t<\/div>\n\t\t\t\t\t<\/div>\n\t\t<\/div>\n\t\t\t\t<div class=\"elementor-column elementor-col-33 elementor-top-column elementor-element elementor-element-88cb8af\" data-id=\"88cb8af\" data-element_type=\"column\" data-e-type=\"column\">\n\t\t\t<div class=\"elementor-widget-wrap elementor-element-populated\">\n\t\t\t\t\t\t<div class=\"elementor-element elementor-element-40c50f1 elementor-widget__width-initial elementor-widget elementor-widget-coachfocus_core_video_button\" data-id=\"40c50f1\" data-element_type=\"widget\" data-e-type=\"widget\" data-widget_type=\"coachfocus_core_video_button.default\">\n\t\t\t\t<div class=\"elementor-widget-container\">\n\t\t\t\t\t<div class=\"qodef-shortcode qodef-m  qodef-video-button qodef--has-img  qodef-enable-border-radius--yes\">\n\t\t<div class=\"qodef-m-image\">\n\t\t<img loading=\"lazy\" decoding=\"async\" width=\"1640\" height=\"809\" src=\"https:\/\/ruralproofing.redr.es\/wp-content\/uploads\/2025\/04\/Gemma-Garcia-Supermercados-Digar.png\" class=\"attachment-full size-full\" alt=\"\" \/>\t<\/div>\n\t\t<a itemprop=\"url\" class=\"qodef-m-play qodef-magnific-popup qodef-popup-item\"  href=\"https:\/\/www.youtube.com\/watch?v=-SB1jm57Xdc\" data-type=\"iframe\">\n\t\t<span class=\"qodef-m-play-inner\">\n\t\t\t<svg class=\"qodef-play\" xmlns=\"http:\/\/www.w3.org\/2000\/svg\" xmlns:xlink=\"http:\/\/www.w3.org\/1999\/xlink\"\n\t\t\t     x=\"0px\" y=\"0px\" width=\"104\" height=\"104\" viewBox=\"0 0 104 104\"\n\t\t\t     style=\"enable-background:new 0 0 104 104;\" xml:space=\"preserve\">\n\t\t\t\t<path d=\"M58.5,52l-13,8V44L58.5,52\"\/>\n\t\t\t\t<circle cx=\"52\" cy=\"52\" r=\"51.5\"\/>\n\t\t\t\t<circle cx=\"52\" cy=\"52\" r=\"51.5\"\/>\n\t\t\t<\/svg>\n\t\t<\/span>\n\t<\/a>\n<\/div>\n\t\t\t\t<\/div>\n\t\t\t\t<\/div>\n\t\t\t\t<div class=\"elementor-element elementor-element-d5fa9c3 elementor-widget__width-initial elementor-widget-mobile__width-initial elementor-widget elementor-widget-text-editor\" data-id=\"d5fa9c3\" data-element_type=\"widget\" data-e-type=\"widget\" data-widget_type=\"text-editor.default\">\n\t\t\t\t<div class=\"elementor-widget-container\">\n\t\t\t\t\t\t\t\t\t<p>Gema Garc\u00eda | Supermercados Digar<\/p><p>Boceguillas, Segovia<\/p><h6 style=\"text-align: center;\">Desde peque\u00f1a, Gema creci\u00f3 entre estanter\u00edas, jamones curados y cajas de reparto. Hoy, lidera un supermercado de m\u00e1s de 700 m\u00b2 con productos de cercan\u00eda y servicio a domicilio en pleno Nordeste de Segovia.<\/h6>\t\t\t\t\t\t\t\t<\/div>\n\t\t\t\t<\/div>\n\t\t\t\t\t<\/div>\n\t\t<\/div>\n\t\t\t\t\t<\/div>\n\t\t<\/section>\n\t\t<div class=\"elementor-element elementor-element-202e5cd e-flex e-con-boxed e-con e-parent\" data-id=\"202e5cd\" data-element_type=\"container\" data-e-type=\"container\">\n\t\t\t\t\t<div class=\"e-con-inner\">\n\t\t\t\t<div class=\"elementor-element elementor-element-42fd8d1 elementor-widget elementor-widget-spacer\" data-id=\"42fd8d1\" data-element_type=\"widget\" data-e-type=\"widget\" data-widget_type=\"spacer.default\">\n\t\t\t\t<div class=\"elementor-widget-container\">\n\t\t\t\t\t\t\t<div class=\"elementor-spacer\">\n\t\t\t<div class=\"elementor-spacer-inner\"><\/div>\n\t\t<\/div>\n\t\t\t\t\t\t<\/div>\n\t\t\t\t<\/div>\n\t\t\t\t\t<\/div>\n\t\t\t\t<\/div>\n\t\t\t\t<section class=\"elementor-section elementor-top-section elementor-element elementor-element-2b1215f elementor-section-full_width qodef-elementor-content-grid elementor-section-height-default elementor-section-height-default\" data-id=\"2b1215f\" data-element_type=\"section\" data-e-type=\"section\">\n\t\t\t\t\t\t<div class=\"elementor-container elementor-column-gap-default\">\n\t\t\t\t\t<div class=\"elementor-column elementor-col-33 elementor-top-column elementor-element elementor-element-5fa7720\" data-id=\"5fa7720\" data-element_type=\"column\" data-e-type=\"column\">\n\t\t\t<div class=\"elementor-widget-wrap elementor-element-populated\">\n\t\t\t\t\t\t<div class=\"elementor-element elementor-element-f81f911 elementor-widget__width-initial elementor-widget elementor-widget-coachfocus_core_video_button\" data-id=\"f81f911\" data-element_type=\"widget\" data-e-type=\"widget\" data-widget_type=\"coachfocus_core_video_button.default\">\n\t\t\t\t<div class=\"elementor-widget-container\">\n\t\t\t\t\t<div class=\"qodef-shortcode qodef-m  qodef-video-button qodef--has-img  qodef-enable-border-radius--yes\">\n\t\t<div class=\"qodef-m-image\">\n\t\t<img loading=\"lazy\" decoding=\"async\" width=\"1505\" height=\"802\" src=\"https:\/\/ruralproofing.redr.es\/wp-content\/uploads\/2025\/05\/Sofia-Clemente-Serendipia.-Horizontal.png\" class=\"attachment-full size-full\" alt=\"\" \/>\t<\/div>\n\t\t<a itemprop=\"url\" class=\"qodef-m-play qodef-magnific-popup qodef-popup-item\"  href=\"https:\/\/www.youtube.com\/watch?v=b3Bq6pveX5U\" data-type=\"iframe\">\n\t\t<span class=\"qodef-m-play-inner\">\n\t\t\t<svg class=\"qodef-play\" xmlns=\"http:\/\/www.w3.org\/2000\/svg\" xmlns:xlink=\"http:\/\/www.w3.org\/1999\/xlink\"\n\t\t\t     x=\"0px\" y=\"0px\" width=\"104\" height=\"104\" viewBox=\"0 0 104 104\"\n\t\t\t     style=\"enable-background:new 0 0 104 104;\" xml:space=\"preserve\">\n\t\t\t\t<path d=\"M58.5,52l-13,8V44L58.5,52\"\/>\n\t\t\t\t<circle cx=\"52\" cy=\"52\" r=\"51.5\"\/>\n\t\t\t\t<circle cx=\"52\" cy=\"52\" r=\"51.5\"\/>\n\t\t\t<\/svg>\n\t\t<\/span>\n\t<\/a>\n<\/div>\n\t\t\t\t<\/div>\n\t\t\t\t<\/div>\n\t\t\t\t<div class=\"elementor-element elementor-element-7ab6cea elementor-widget__width-initial elementor-widget-mobile__width-initial elementor-widget elementor-widget-text-editor\" data-id=\"7ab6cea\" data-element_type=\"widget\" data-e-type=\"widget\" data-widget_type=\"text-editor.default\">\n\t\t\t\t<div class=\"elementor-widget-container\">\n\t\t\t\t\t\t\t\t\t<p>Sof\u00eda Clemente | Serendipia<\/p><p>Caravaca de la Cruz, Murcia<\/p><h6 style=\"text-align: center;\">Tras a\u00f1os trabajando con personas con discapacidad, mayores, infancia y salud mental en distintas instituciones, Sof\u00eda decidi\u00f3 crear su propio espacio de intervenci\u00f3n en el Nordeste de Murcia. As\u00ed naci\u00f3 Serendipia, un centro de terapias y formaci\u00f3n que presta servicios sanitarios, sociales y educativos a personas de todas las edades.<\/h6>\t\t\t\t\t\t\t\t<\/div>\n\t\t\t\t<\/div>\n\t\t\t\t\t<\/div>\n\t\t<\/div>\n\t\t\t\t<div class=\"elementor-column elementor-col-33 elementor-top-column elementor-element elementor-element-51bb9b8\" data-id=\"51bb9b8\" data-element_type=\"column\" data-e-type=\"column\">\n\t\t\t<div class=\"elementor-widget-wrap elementor-element-populated\">\n\t\t\t\t\t\t<div class=\"elementor-element elementor-element-aca5eb7 elementor-widget__width-initial elementor-widget elementor-widget-coachfocus_core_video_button\" data-id=\"aca5eb7\" data-element_type=\"widget\" data-e-type=\"widget\" data-widget_type=\"coachfocus_core_video_button.default\">\n\t\t\t\t<div class=\"elementor-widget-container\">\n\t\t\t\t\t<div class=\"qodef-shortcode qodef-m  qodef-video-button qodef--has-img  qodef-enable-border-radius--yes\">\n\t\t<div class=\"qodef-m-image\">\n\t\t<img loading=\"lazy\" decoding=\"async\" width=\"1380\" height=\"804\" src=\"https:\/\/ruralproofing.redr.es\/wp-content\/uploads\/2025\/05\/MaAngeles-del-Cerro-AMAFI-horizontal.png\" class=\"attachment-full size-full\" alt=\"\" \/>\t<\/div>\n\t\t<a itemprop=\"url\" class=\"qodef-m-play qodef-magnific-popup qodef-popup-item\"  href=\"https:\/\/www.youtube.com\/watch?v=jqC258oVm_w\" data-type=\"iframe\">\n\t\t<span class=\"qodef-m-play-inner\">\n\t\t\t<svg class=\"qodef-play\" xmlns=\"http:\/\/www.w3.org\/2000\/svg\" xmlns:xlink=\"http:\/\/www.w3.org\/1999\/xlink\"\n\t\t\t     x=\"0px\" y=\"0px\" width=\"104\" height=\"104\" viewBox=\"0 0 104 104\"\n\t\t\t     style=\"enable-background:new 0 0 104 104;\" xml:space=\"preserve\">\n\t\t\t\t<path d=\"M58.5,52l-13,8V44L58.5,52\"\/>\n\t\t\t\t<circle cx=\"52\" cy=\"52\" r=\"51.5\"\/>\n\t\t\t\t<circle cx=\"52\" cy=\"52\" r=\"51.5\"\/>\n\t\t\t<\/svg>\n\t\t<\/span>\n\t<\/a>\n<\/div>\n\t\t\t\t<\/div>\n\t\t\t\t<\/div>\n\t\t\t\t<div class=\"elementor-element elementor-element-6862b39 elementor-widget__width-initial elementor-widget-mobile__width-initial elementor-widget elementor-widget-text-editor\" data-id=\"6862b39\" data-element_type=\"widget\" data-e-type=\"widget\" data-widget_type=\"text-editor.default\">\n\t\t\t\t<div class=\"elementor-widget-container\">\n\t\t\t\t\t\t\t\t\t<p>M\u00aa \u00c1ngeles del Cerro | Vivienda tutelada AMAFI<\/p><p>Yepes y Ciruelos, Toledo<\/p><p><span style=\"color: #000000;\">La Asociaci\u00f3n AMAFI, fundada en 1979, lleva m\u00e1s de cuatro d\u00e9cadas trabajando por la inclusi\u00f3n plena de las personas con discapacidad intelectual en el medio rural. Desde su residencia inicial en Yepes, el proyecto ha crecido hasta contar con varias viviendas tuteladas y un centro de atenci\u00f3n temprana en Ciruelos.<\/span><\/p>\t\t\t\t\t\t\t\t<\/div>\n\t\t\t\t<\/div>\n\t\t\t\t<div class=\"elementor-element elementor-element-4bfb0ce elementor-widget__width-initial elementor-widget elementor-widget-coachfocus_core_video_button\" data-id=\"4bfb0ce\" data-element_type=\"widget\" data-e-type=\"widget\" data-widget_type=\"coachfocus_core_video_button.default\">\n\t\t\t\t<div class=\"elementor-widget-container\">\n\t\t\t\t\t<div class=\"qodef-shortcode qodef-m  qodef-video-button qodef--has-img  qodef-enable-border-radius--yes\">\n\t\t<\/div>\n\t\t\t\t<\/div>\n\t\t\t\t<\/div>\n\t\t\t\t\t<\/div>\n\t\t<\/div>\n\t\t\t\t<div class=\"elementor-column elementor-col-33 elementor-top-column elementor-element elementor-element-c734ba9\" data-id=\"c734ba9\" data-element_type=\"column\" data-e-type=\"column\">\n\t\t\t<div class=\"elementor-widget-wrap elementor-element-populated\">\n\t\t\t\t\t\t<div class=\"elementor-element elementor-element-abc0f30 elementor-widget__width-initial elementor-widget elementor-widget-coachfocus_core_video_button\" data-id=\"abc0f30\" data-element_type=\"widget\" data-e-type=\"widget\" data-widget_type=\"coachfocus_core_video_button.default\">\n\t\t\t\t<div class=\"elementor-widget-container\">\n\t\t\t\t\t<div class=\"qodef-shortcode qodef-m  qodef-video-button qodef--has-img  qodef-enable-border-radius--yes\">\n\t\t<div class=\"qodef-m-image\">\n\t\t<img loading=\"lazy\" decoding=\"async\" width=\"1603\" height=\"807\" src=\"https:\/\/ruralproofing.redr.es\/wp-content\/uploads\/2025\/06\/Julio-Luzan-Tecmolde_Horizontal.png\" class=\"attachment-full size-full\" alt=\"\" \/>\t<\/div>\n\t\t<a itemprop=\"url\" class=\"qodef-m-play qodef-magnific-popup qodef-popup-item\"  href=\"https:\/\/www.youtube.com\/watch?v=9C_foVHOz3A\" data-type=\"iframe\">\n\t\t<span class=\"qodef-m-play-inner\">\n\t\t\t<svg class=\"qodef-play\" xmlns=\"http:\/\/www.w3.org\/2000\/svg\" xmlns:xlink=\"http:\/\/www.w3.org\/1999\/xlink\"\n\t\t\t     x=\"0px\" y=\"0px\" width=\"104\" height=\"104\" viewBox=\"0 0 104 104\"\n\t\t\t     style=\"enable-background:new 0 0 104 104;\" xml:space=\"preserve\">\n\t\t\t\t<path d=\"M58.5,52l-13,8V44L58.5,52\"\/>\n\t\t\t\t<circle cx=\"52\" cy=\"52\" r=\"51.5\"\/>\n\t\t\t\t<circle cx=\"52\" cy=\"52\" r=\"51.5\"\/>\n\t\t\t<\/svg>\n\t\t<\/span>\n\t<\/a>\n<\/div>\n\t\t\t\t<\/div>\n\t\t\t\t<\/div>\n\t\t\t\t<div class=\"elementor-element elementor-element-4f8deb5 elementor-widget__width-initial elementor-widget-mobile__width-initial elementor-widget elementor-widget-text-editor\" data-id=\"4f8deb5\" data-element_type=\"widget\" data-e-type=\"widget\" data-widget_type=\"text-editor.default\">\n\t\t\t\t<div class=\"elementor-widget-container\">\n\t\t\t\t\t\t\t\t\t<p>Julio Luz\u00e1n | Tecmolde<\/p><p>Loporzano, Huesca<\/p><h6 style=\"text-align: center;\">Desde un peque\u00f1o municipio de apenas 600 habitantes, Tecmolde se ha posicionado como una de las empresas m\u00e1s innovadoras en Europa en fabricaci\u00f3n de moldes, escenograf\u00eda y arquitectura ef\u00edmera para cine, espect\u00e1culos, parques tem\u00e1ticos y grandes marcas internacionales.<\/h6>\t\t\t\t\t\t\t\t<\/div>\n\t\t\t\t<\/div>\n\t\t\t\t\t<\/div>\n\t\t<\/div>\n\t\t\t\t\t<\/div>\n\t\t<\/section>\n\t\t<div class=\"elementor-element elementor-element-f0a84fe e-flex e-con-boxed e-con e-parent\" data-id=\"f0a84fe\" data-element_type=\"container\" data-e-type=\"container\">\n\t\t\t\t\t<div class=\"e-con-inner\">\n\t\t\t\t<div class=\"elementor-element elementor-element-f7aa6e2 elementor-widget elementor-widget-spacer\" data-id=\"f7aa6e2\" data-element_type=\"widget\" data-e-type=\"widget\" data-widget_type=\"spacer.default\">\n\t\t\t\t<div class=\"elementor-widget-container\">\n\t\t\t\t\t\t\t<div class=\"elementor-spacer\">\n\t\t\t<div class=\"elementor-spacer-inner\"><\/div>\n\t\t<\/div>\n\t\t\t\t\t\t<\/div>\n\t\t\t\t<\/div>\n\t\t\t\t\t<\/div>\n\t\t\t\t<\/div>\n\t\t\t\t<section class=\"elementor-section elementor-top-section elementor-element elementor-element-104a75c elementor-section-full_width qodef-elementor-content-grid elementor-section-height-default elementor-section-height-default\" data-id=\"104a75c\" data-element_type=\"section\" data-e-type=\"section\">\n\t\t\t\t\t\t<div class=\"elementor-container elementor-column-gap-default\">\n\t\t\t\t\t<div class=\"elementor-column elementor-col-33 elementor-top-column elementor-element elementor-element-dd9b8ff\" data-id=\"dd9b8ff\" data-element_type=\"column\" data-e-type=\"column\">\n\t\t\t<div class=\"elementor-widget-wrap elementor-element-populated\">\n\t\t\t\t\t\t<div class=\"elementor-element elementor-element-641b349 elementor-widget__width-initial elementor-widget elementor-widget-coachfocus_core_video_button\" data-id=\"641b349\" data-element_type=\"widget\" data-e-type=\"widget\" data-widget_type=\"coachfocus_core_video_button.default\">\n\t\t\t\t<div class=\"elementor-widget-container\">\n\t\t\t\t\t<div class=\"qodef-shortcode qodef-m  qodef-video-button qodef--has-img  qodef-enable-border-radius--yes\">\n\t\t<div class=\"qodef-m-image\">\n\t\t<img loading=\"lazy\" decoding=\"async\" width=\"1613\" height=\"802\" src=\"https:\/\/ruralproofing.redr.es\/wp-content\/uploads\/2025\/05\/Marti-Monfort-LOlivera-Horzitontall.png\" class=\"attachment-full size-full\" alt=\"\" \/>\t<\/div>\n\t\t<a itemprop=\"url\" class=\"qodef-m-play qodef-magnific-popup qodef-popup-item\"  href=\"https:\/\/www.youtube.com\/watch?v=YyHgGBVeLnw\" data-type=\"iframe\">\n\t\t<span class=\"qodef-m-play-inner\">\n\t\t\t<svg class=\"qodef-play\" xmlns=\"http:\/\/www.w3.org\/2000\/svg\" xmlns:xlink=\"http:\/\/www.w3.org\/1999\/xlink\"\n\t\t\t     x=\"0px\" y=\"0px\" width=\"104\" height=\"104\" viewBox=\"0 0 104 104\"\n\t\t\t     style=\"enable-background:new 0 0 104 104;\" xml:space=\"preserve\">\n\t\t\t\t<path d=\"M58.5,52l-13,8V44L58.5,52\"\/>\n\t\t\t\t<circle cx=\"52\" cy=\"52\" r=\"51.5\"\/>\n\t\t\t\t<circle cx=\"52\" cy=\"52\" r=\"51.5\"\/>\n\t\t\t<\/svg>\n\t\t<\/span>\n\t<\/a>\n<\/div>\n\t\t\t\t<\/div>\n\t\t\t\t<\/div>\n\t\t\t\t<div class=\"elementor-element elementor-element-e4ee8a9 elementor-widget__width-initial elementor-widget-mobile__width-initial elementor-widget elementor-widget-text-editor\" data-id=\"e4ee8a9\" data-element_type=\"widget\" data-e-type=\"widget\" data-widget_type=\"text-editor.default\">\n\t\t\t\t<div class=\"elementor-widget-container\">\n\t\t\t\t\t\t\t\t\t<p>Mart\u00ed Monfort | L&#8217;Olivera\u00a0<\/p><p>Vallbona de les Monges, Lleida<\/p><h6 style=\"text-align: center;\">L&#8217;Olivera es una cooperativa social con 50 a\u00f1os de historia que elabora vinos y aceites ecol\u00f3gicos de alta calidad en una zona rural con graves problemas de despoblaci\u00f3n. Desde sus inicios, integra laboral y socialmente a personas con discapacidad intelectual en sus procesos productivos y comunitarios.<\/h6>\t\t\t\t\t\t\t\t<\/div>\n\t\t\t\t<\/div>\n\t\t\t\t\t<\/div>\n\t\t<\/div>\n\t\t\t\t<div class=\"elementor-column elementor-col-33 elementor-top-column elementor-element elementor-element-a3a6410\" data-id=\"a3a6410\" data-element_type=\"column\" data-e-type=\"column\">\n\t\t\t<div class=\"elementor-widget-wrap elementor-element-populated\">\n\t\t\t\t\t\t<div class=\"elementor-element elementor-element-00522f2 elementor-widget__width-initial elementor-widget elementor-widget-coachfocus_core_video_button\" data-id=\"00522f2\" data-element_type=\"widget\" data-e-type=\"widget\" data-widget_type=\"coachfocus_core_video_button.default\">\n\t\t\t\t<div class=\"elementor-widget-container\">\n\t\t\t\t\t<div class=\"qodef-shortcode qodef-m  qodef-video-button qodef--has-img  qodef-enable-border-radius--yes\">\n\t\t<div class=\"qodef-m-image\">\n\t\t<img loading=\"lazy\" decoding=\"async\" width=\"1605\" height=\"806\" src=\"https:\/\/ruralproofing.redr.es\/wp-content\/uploads\/2025\/06\/Jesus-Arbues-Corral-de-Garcia_Horizontal.png\" class=\"attachment-full size-full\" alt=\"\" \/>\t<\/div>\n\t\t<a itemprop=\"url\" class=\"qodef-m-play qodef-magnific-popup qodef-popup-item\"  href=\"https:\/\/www.youtube.com\/watch?v=prnU5UFwlQI\" data-type=\"iframe\">\n\t\t<span class=\"qodef-m-play-inner\">\n\t\t\t<svg class=\"qodef-play\" xmlns=\"http:\/\/www.w3.org\/2000\/svg\" xmlns:xlink=\"http:\/\/www.w3.org\/1999\/xlink\"\n\t\t\t     x=\"0px\" y=\"0px\" width=\"104\" height=\"104\" viewBox=\"0 0 104 104\"\n\t\t\t     style=\"enable-background:new 0 0 104 104;\" xml:space=\"preserve\">\n\t\t\t\t<path d=\"M58.5,52l-13,8V44L58.5,52\"\/>\n\t\t\t\t<circle cx=\"52\" cy=\"52\" r=\"51.5\"\/>\n\t\t\t\t<circle cx=\"52\" cy=\"52\" r=\"51.5\"\/>\n\t\t\t<\/svg>\n\t\t<\/span>\n\t<\/a>\n<\/div>\n\t\t\t\t<\/div>\n\t\t\t\t<\/div>\n\t\t\t\t<div class=\"elementor-element elementor-element-8e2cacb elementor-widget__width-initial elementor-widget-mobile__width-initial elementor-widget elementor-widget-text-editor\" data-id=\"8e2cacb\" data-element_type=\"widget\" data-e-type=\"widget\" data-widget_type=\"text-editor.default\">\n\t\t\t\t<div class=\"elementor-widget-container\">\n\t\t\t\t\t\t\t\t\t<p>Jes\u00fas Arbu\u00e9s | Corral de Garc\u00eda<\/p><p>Santa Eulalia de G\u00e1llego, Huesca<\/p><h6 style=\"text-align: center;\">Jes\u00fas Arbu\u00e9s, director, actor y productor teatral, ha recuperado un antiguo pajar y una casa familiar para transformarlos en Corral de Garc\u00eda una sala esc\u00e9nica de 96 butacas, un espacio de ensayo y una residencia art\u00edstica, Casa Garc\u00eda, todo gestionado desde su compa\u00f1\u00eda Producciones Viridiana.<\/h6>\t\t\t\t\t\t\t\t<\/div>\n\t\t\t\t<\/div>\n\t\t\t\t\t<\/div>\n\t\t<\/div>\n\t\t\t\t<div class=\"elementor-column elementor-col-33 elementor-top-column elementor-element elementor-element-5ad150a\" data-id=\"5ad150a\" data-element_type=\"column\" data-e-type=\"column\">\n\t\t\t<div class=\"elementor-widget-wrap elementor-element-populated\">\n\t\t\t\t\t\t<div class=\"elementor-element elementor-element-b64c32d elementor-widget__width-initial elementor-widget elementor-widget-coachfocus_core_video_button\" data-id=\"b64c32d\" data-element_type=\"widget\" data-e-type=\"widget\" data-widget_type=\"coachfocus_core_video_button.default\">\n\t\t\t\t<div class=\"elementor-widget-container\">\n\t\t\t\t\t<div class=\"qodef-shortcode qodef-m  qodef-video-button qodef--has-img  qodef-enable-border-radius--yes\">\n\t\t<div class=\"qodef-m-image\">\n\t\t<img loading=\"lazy\" decoding=\"async\" width=\"1684\" height=\"809\" src=\"https:\/\/ruralproofing.redr.es\/wp-content\/uploads\/2025\/04\/Paqui-Cuesta-Asistente-virtual-Horizontal.png\" class=\"attachment-full size-full\" alt=\"\" \/>\t<\/div>\n\t\t<a itemprop=\"url\" class=\"qodef-m-play qodef-magnific-popup qodef-popup-item\"  href=\"https:\/\/www.youtube.com\/watch?v=07cwc9-FjeY\" data-type=\"iframe\">\n\t\t<span class=\"qodef-m-play-inner\">\n\t\t\t<svg class=\"qodef-play\" xmlns=\"http:\/\/www.w3.org\/2000\/svg\" xmlns:xlink=\"http:\/\/www.w3.org\/1999\/xlink\"\n\t\t\t     x=\"0px\" y=\"0px\" width=\"104\" height=\"104\" viewBox=\"0 0 104 104\"\n\t\t\t     style=\"enable-background:new 0 0 104 104;\" xml:space=\"preserve\">\n\t\t\t\t<path d=\"M58.5,52l-13,8V44L58.5,52\"\/>\n\t\t\t\t<circle cx=\"52\" cy=\"52\" r=\"51.5\"\/>\n\t\t\t\t<circle cx=\"52\" cy=\"52\" r=\"51.5\"\/>\n\t\t\t<\/svg>\n\t\t<\/span>\n\t<\/a>\n<\/div>\n\t\t\t\t<\/div>\n\t\t\t\t<\/div>\n\t\t\t\t<div class=\"elementor-element elementor-element-4066e3a elementor-widget__width-initial elementor-widget-mobile__width-initial elementor-widget elementor-widget-text-editor\" data-id=\"4066e3a\" data-element_type=\"widget\" data-e-type=\"widget\" data-widget_type=\"text-editor.default\">\n\t\t\t\t<div class=\"elementor-widget-container\">\n\t\t\t\t\t\t\t\t\t<p>Paqui Cuesta | Asistente Virtual<\/p><p>Aldehuelas de Sep\u00falveda, Segovia<\/p><h6 style=\"text-align: center;\">Desde su pueblo segoviano ayuda a peque\u00f1as empresas rurales a ganar visibilidad digital sin perder su identidad. A trav\u00e9s de servicios como dise\u00f1o web, gesti\u00f3n de redes sociales, SEO o marketing de contenidos, impulsa el crecimiento de negocios locales.<\/h6>\t\t\t\t\t\t\t\t<\/div>\n\t\t\t\t<\/div>\n\t\t\t\t\t<\/div>\n\t\t<\/div>\n\t\t\t\t\t<\/div>\n\t\t<\/section>\n\t\t<div class=\"elementor-element elementor-element-1419582 e-flex e-con-boxed e-con e-parent\" data-id=\"1419582\" data-element_type=\"container\" data-e-type=\"container\">\n\t\t\t\t\t<div class=\"e-con-inner\">\n\t\t\t\t<div class=\"elementor-element elementor-element-dbb7691 elementor-widget elementor-widget-spacer\" data-id=\"dbb7691\" data-element_type=\"widget\" data-e-type=\"widget\" data-widget_type=\"spacer.default\">\n\t\t\t\t<div class=\"elementor-widget-container\">\n\t\t\t\t\t\t\t<div class=\"elementor-spacer\">\n\t\t\t<div class=\"elementor-spacer-inner\"><\/div>\n\t\t<\/div>\n\t\t\t\t\t\t<\/div>\n\t\t\t\t<\/div>\n\t\t\t\t\t<\/div>\n\t\t\t\t<\/div>\n\t\t\t\t<section class=\"elementor-section elementor-top-section elementor-element elementor-element-ebb8002 elementor-section-full_width qodef-elementor-content-grid elementor-section-height-default elementor-section-height-default\" data-id=\"ebb8002\" data-element_type=\"section\" data-e-type=\"section\">\n\t\t\t\t\t\t<div class=\"elementor-container elementor-column-gap-default\">\n\t\t\t\t\t<div class=\"elementor-column elementor-col-33 elementor-top-column elementor-element elementor-element-f73403a\" data-id=\"f73403a\" data-element_type=\"column\" data-e-type=\"column\">\n\t\t\t<div class=\"elementor-widget-wrap elementor-element-populated\">\n\t\t\t\t\t\t<div class=\"elementor-element elementor-element-a5536b7 elementor-widget__width-initial elementor-widget elementor-widget-coachfocus_core_video_button\" data-id=\"a5536b7\" data-element_type=\"widget\" data-e-type=\"widget\" data-widget_type=\"coachfocus_core_video_button.default\">\n\t\t\t\t<div class=\"elementor-widget-container\">\n\t\t\t\t\t<div class=\"qodef-shortcode qodef-m  qodef-video-button qodef--has-img  qodef-enable-border-radius--yes\">\n\t\t<div class=\"qodef-m-image\">\n\t\t<img loading=\"lazy\" decoding=\"async\" width=\"1610\" height=\"809\" src=\"https:\/\/ruralproofing.redr.es\/wp-content\/uploads\/2025\/06\/Ramon-Barrull-Cooperativa-La-Granadella_Hoorizontal.png\" class=\"attachment-full size-full\" alt=\"\" \/>\t<\/div>\n\t\t<a itemprop=\"url\" class=\"qodef-m-play qodef-magnific-popup qodef-popup-item\"  href=\"https:\/\/www.youtube.com\/watch?v=cEqYDp-a850\" data-type=\"iframe\">\n\t\t<span class=\"qodef-m-play-inner\">\n\t\t\t<svg class=\"qodef-play\" xmlns=\"http:\/\/www.w3.org\/2000\/svg\" xmlns:xlink=\"http:\/\/www.w3.org\/1999\/xlink\"\n\t\t\t     x=\"0px\" y=\"0px\" width=\"104\" height=\"104\" viewBox=\"0 0 104 104\"\n\t\t\t     style=\"enable-background:new 0 0 104 104;\" xml:space=\"preserve\">\n\t\t\t\t<path d=\"M58.5,52l-13,8V44L58.5,52\"\/>\n\t\t\t\t<circle cx=\"52\" cy=\"52\" r=\"51.5\"\/>\n\t\t\t\t<circle cx=\"52\" cy=\"52\" r=\"51.5\"\/>\n\t\t\t<\/svg>\n\t\t<\/span>\n\t<\/a>\n<\/div>\n\t\t\t\t<\/div>\n\t\t\t\t<\/div>\n\t\t\t\t<div class=\"elementor-element elementor-element-3a35b2d elementor-widget__width-initial elementor-widget-mobile__width-initial elementor-widget elementor-widget-text-editor\" data-id=\"3a35b2d\" data-element_type=\"widget\" data-e-type=\"widget\" data-widget_type=\"text-editor.default\">\n\t\t\t\t<div class=\"elementor-widget-container\">\n\t\t\t\t\t\t\t\t\t<p>Ram\u00f3n Barrull | Cooperativa La Granadella<\/p><p>La Granadella, Lleida<\/p><h6 style=\"text-align: center;\">Esta Cooperativa lleva m\u00e1s de 100 a\u00f1os elaborando aceite de oliva virgen extra de alt\u00edsima calidad, apostando por la innovaci\u00f3n tecnol\u00f3gica, la profesionalizaci\u00f3n del sector agrario y la conexi\u00f3n directa entre productor y consumidor.\u00a0<\/h6>\t\t\t\t\t\t\t\t<\/div>\n\t\t\t\t<\/div>\n\t\t\t\t\t<\/div>\n\t\t<\/div>\n\t\t\t\t<div class=\"elementor-column elementor-col-33 elementor-top-column elementor-element elementor-element-aae0726\" data-id=\"aae0726\" data-element_type=\"column\" data-e-type=\"column\">\n\t\t\t<div class=\"elementor-widget-wrap elementor-element-populated\">\n\t\t\t\t\t\t<div class=\"elementor-element elementor-element-715f4e7 elementor-widget__width-initial elementor-widget elementor-widget-coachfocus_core_video_button\" data-id=\"715f4e7\" data-element_type=\"widget\" data-e-type=\"widget\" data-widget_type=\"coachfocus_core_video_button.default\">\n\t\t\t\t<div class=\"elementor-widget-container\">\n\t\t\t\t\t<div class=\"qodef-shortcode qodef-m  qodef-video-button qodef--has-img  qodef-enable-border-radius--yes\">\n\t\t<div class=\"qodef-m-image\">\n\t\t<img loading=\"lazy\" decoding=\"async\" width=\"1499\" height=\"810\" src=\"https:\/\/ruralproofing.redr.es\/wp-content\/uploads\/2025\/05\/Natalia-Alonso-Billar-de-Letras-Horizontal.png\" class=\"attachment-full size-full\" alt=\"\" \/>\t<\/div>\n\t\t<a itemprop=\"url\" class=\"qodef-m-play qodef-magnific-popup qodef-popup-item\"  href=\"https:\/\/www.youtube.com\/watch?v=08BEfuqOufg\" data-type=\"iframe\">\n\t\t<span class=\"qodef-m-play-inner\">\n\t\t\t<svg class=\"qodef-play\" xmlns=\"http:\/\/www.w3.org\/2000\/svg\" xmlns:xlink=\"http:\/\/www.w3.org\/1999\/xlink\"\n\t\t\t     x=\"0px\" y=\"0px\" width=\"104\" height=\"104\" viewBox=\"0 0 104 104\"\n\t\t\t     style=\"enable-background:new 0 0 104 104;\" xml:space=\"preserve\">\n\t\t\t\t<path d=\"M58.5,52l-13,8V44L58.5,52\"\/>\n\t\t\t\t<circle cx=\"52\" cy=\"52\" r=\"51.5\"\/>\n\t\t\t\t<circle cx=\"52\" cy=\"52\" r=\"51.5\"\/>\n\t\t\t<\/svg>\n\t\t<\/span>\n\t<\/a>\n<\/div>\n\t\t\t\t<\/div>\n\t\t\t\t<\/div>\n\t\t\t\t<div class=\"elementor-element elementor-element-a7fbe50 elementor-widget__width-initial elementor-widget-mobile__width-initial elementor-widget elementor-widget-text-editor\" data-id=\"a7fbe50\" data-element_type=\"widget\" data-e-type=\"widget\" data-widget_type=\"text-editor.default\">\n\t\t\t\t<div class=\"elementor-widget-container\">\n\t\t\t\t\t\t\t\t\t<p>Natalia Alonso | Billar de Letras<\/p><p>Riaza, Segovia<\/p>\t\t\t\t\t\t\t\t<\/div>\n\t\t\t\t<\/div>\n\t\t\t\t<div class=\"elementor-element elementor-element-0254927 elementor-widget__width-initial elementor-widget-mobile__width-initial elementor-widget elementor-widget-text-editor\" data-id=\"0254927\" data-element_type=\"widget\" data-e-type=\"widget\" data-widget_type=\"text-editor.default\">\n\t\t\t\t<div class=\"elementor-widget-container\">\n\t\t\t\t\t\t\t\t\t<p><span style=\"color: #000000;\">Billar de Letras es una escuela online de escritura creativa y lectura con m\u00e1s de 15 a\u00f1os de trayectoria, impulsada por Natalia Alonso. Fue pionera en ofrecer cursos tem\u00e1ticos con autoras y autores que comparten su visi\u00f3n \u00fanica sobre la creaci\u00f3n literaria.<br \/><\/span><\/p>\t\t\t\t\t\t\t\t<\/div>\n\t\t\t\t<\/div>\n\t\t\t\t\t<\/div>\n\t\t<\/div>\n\t\t\t\t<div class=\"elementor-column elementor-col-33 elementor-top-column elementor-element elementor-element-567cd56\" data-id=\"567cd56\" data-element_type=\"column\" data-e-type=\"column\">\n\t\t\t<div class=\"elementor-widget-wrap\">\n\t\t\t\t\t\t\t<\/div>\n\t\t<\/div>\n\t\t\t\t\t<\/div>\n\t\t<\/section>\n\t\t\t\t<\/div>\n\t\t","protected":false},"excerpt":{"rendered":"<p>Paloma Escur\u00edn | Centro H\u00edpico Los Sue\u00f1os Oca\u00f1a, Toledo Una vida entre caballos y un sue\u00f1o hecho realidad: el Centro H\u00edpico &#8216;Los Sue\u00f1os&#8217; combina pasi\u00f3n, cuidado y ense\u00f1anza en unas instalaciones dise\u00f1adas para el bienestar equino y la formaci\u00f3n de jinetes para todos los p\u00fablicos. Adem\u00e1s, su restaurante ofrece un espacio acogedor para disfrutar de [&hellip;]<\/p>\n","protected":false},"author":5,"featured_media":0,"parent":0,"menu_order":0,"comment_status":"closed","ping_status":"closed","template":"page-full-width.php","meta":{"_bbp_topic_count":0,"_bbp_reply_count":0,"_bbp_total_topic_count":0,"_bbp_total_reply_count":0,"_bbp_voice_count":0,"_bbp_anonymous_reply_count":0,"_bbp_topic_count_hidden":0,"_bbp_reply_count_hidden":0,"_bbp_forum_subforum_count":0,"iawp_total_views":256,"footnotes":""},"class_list":["post-8565","page","type-page","status-publish","hentry"],"_links":{"self":[{"href":"https:\/\/ruralproofing.redr.es\/index.php\/wp-json\/wp\/v2\/pages\/8565","targetHints":{"allow":["GET"]}}],"collection":[{"href":"https:\/\/ruralproofing.redr.es\/index.php\/wp-json\/wp\/v2\/pages"}],"about":[{"href":"https:\/\/ruralproofing.redr.es\/index.php\/wp-json\/wp\/v2\/types\/page"}],"author":[{"embeddable":true,"href":"https:\/\/ruralproofing.redr.es\/index.php\/wp-json\/wp\/v2\/users\/5"}],"replies":[{"embeddable":true,"href":"https:\/\/ruralproofing.redr.es\/index.php\/wp-json\/wp\/v2\/comments?post=8565"}],"version-history":[{"count":178,"href":"https:\/\/ruralproofing.redr.es\/index.php\/wp-json\/wp\/v2\/pages\/8565\/revisions"}],"predecessor-version":[{"id":8820,"href":"https:\/\/ruralproofing.redr.es\/index.php\/wp-json\/wp\/v2\/pages\/8565\/revisions\/8820"}],"wp:attachment":[{"href":"https:\/\/ruralproofing.redr.es\/index.php\/wp-json\/wp\/v2\/media?parent=8565"}],"curies":[{"name":"wp","href":"https:\/\/api.w.org\/{rel}","templated":true}]}}